{"id":675,"date":"2025-01-02T14:26:37","date_gmt":"2025-01-02T14:26:37","guid":{"rendered":"https:\/\/aemcs.pt\/site\/?page_id=675"},"modified":"2025-01-31T17:50:26","modified_gmt":"2025-01-31T17:50:26","slug":"servicos","status":"publish","type":"page","link":"https:\/\/aemcs.pt\/site\/servicos\/","title":{"rendered":"Servi\u00e7os"},"content":{"rendered":"\t\t<div data-elementor-type=\"wp-page\" data-elementor-id=\"675\" class=\"elementor elementor-675\">\n\t\t\t\t<div class=\"elementor-element elementor-element-01ed95c e-flex e-con-boxed e-con e-parent\" data-id=\"01ed95c\" data-element_type=\"container\" data-e-type=\"container\">\n\t\t\t\t\t<div class=\"e-con-inner\">\n\t\t\t\t<div class=\"elementor-element elementor-element-3cdc458 elementor-widget elementor-widget-text-editor\" data-id=\"3cdc458\" data-element_type=\"widget\" data-e-type=\"widget\" data-widget_type=\"text-editor.default\">\n\t\t\t\t<div class=\"elementor-widget-container\">\n\t\t\t\t\t\t\t\t\t<p><strong>Secretaria<br \/><\/strong>De segunda-feira a sexta-feira<br \/>das 09h30 \u00e0s 13h00 e das 14h00 \u00e0s 16h30<\/p><p><strong>Papelaria<br \/><\/strong>De segunda-feira a sexta-feira<br \/>das 08h00 \u00e0s 13h00 e das 14h30 \u00e0s 16h30<\/p><p><strong>Refeit\u00f3rio<br \/><\/strong>De segunda-feira a sexta-feira<br \/>das 11h30 \u00e0s 14h00<\/p><p><strong>Apoio T\u00e9cnico (Inform\u00e1tico)<br \/>Ernesto Marques<br \/><\/strong><span style=\"text-decoration: underline;\">Apoio aos docentes<\/span><br \/>Segunda-feira e quarta-feira<br \/>das 09h00 \u00e0s 10h30 e das\u00a0 15h30 \u00e0s 16h30<br \/><span style=\"text-decoration: underline;\">Apoio aos alunos<\/span><br \/>Ter\u00e7a-feira e quinta-feira<br \/>das 10h00 \u00e0s 11h00 e das\u00a0 13h30 \u00e0s 14h30<br \/><span style=\"text-decoration: underline;\">Participa\u00e7\u00e3o de Avarias &#8211; Encarregados de Educa\u00e7\u00e3o<\/span><br \/>Quarta-feira\u00a0<br \/>das 09h00 \u00e0s 10h00<br \/>Quinta-feira\u00a0<br \/>das 16h00 \u00e0s 17h00<\/p>\t\t\t\t\t\t\t\t<\/div>\n\t\t\t\t<\/div>\n\t\t\t\t\t<\/div>\n\t\t\t\t<\/div>\n\t\t\t\t<\/div>\n\t\t","protected":false},"excerpt":{"rendered":"<p>SecretariaDe segunda-feira a sexta-feiradas 09h30 \u00e0s 13h00 e das 14h00 \u00e0s 16h30 PapelariaDe segunda-feira a sexta-feiradas 08h00 \u00e0s 13h00 e das 14h30 \u00e0s 16h30 Refeit\u00f3rioDe segunda-feira a sexta-feiradas 11h30 \u00e0s 14h00 Apoio T\u00e9cnico (Inform\u00e1tico)Ernesto MarquesApoio aos docentesSegunda-feira e quarta-feiradas 09h00 \u00e0s 10h30 e das\u00a0 15h30 \u00e0s 16h30Apoio aos alunosTer\u00e7a-feira e quinta-feiradas 10h00 \u00e0s 11h00 e [&hellip;]<\/p>\n","protected":false},"author":1,"featured_media":0,"parent":0,"menu_order":0,"comment_status":"closed","ping_status":"closed","template":"","meta":{"footnotes":""},"categories":[],"tags":[],"class_list":["post-675","page","type-page","status-publish","hentry"],"_links":{"self":[{"href":"https:\/\/aemcs.pt\/site\/wp-json\/wp\/v2\/pages\/675","targetHints":{"allow":["GET"]}}],"collection":[{"href":"https:\/\/aemcs.pt\/site\/wp-json\/wp\/v2\/pages"}],"about":[{"href":"https:\/\/aemcs.pt\/site\/wp-json\/wp\/v2\/types\/page"}],"author":[{"embeddable":true,"href":"https:\/\/aemcs.pt\/site\/wp-json\/wp\/v2\/users\/1"}],"replies":[{"embeddable":true,"href":"https:\/\/aemcs.pt\/site\/wp-json\/wp\/v2\/comments?post=675"}],"version-history":[{"count":10,"href":"https:\/\/aemcs.pt\/site\/wp-json\/wp\/v2\/pages\/675\/revisions"}],"predecessor-version":[{"id":1223,"href":"https:\/\/aemcs.pt\/site\/wp-json\/wp\/v2\/pages\/675\/revisions\/1223"}],"wp:attachment":[{"href":"https:\/\/aemcs.pt\/site\/wp-json\/wp\/v2\/media?parent=675"}],"wp:term":[{"taxonomy":"category","embeddable":true,"href":"https:\/\/aemcs.pt\/site\/wp-json\/wp\/v2\/categories?post=675"},{"taxonomy":"post_tag","embeddable":true,"href":"https:\/\/aemcs.pt\/site\/wp-json\/wp\/v2\/tags?post=675"}],"curies":[{"name":"wp","href":"https:\/\/api.w.org\/{rel}","templated":true}]}}