{"id":395,"date":"2024-12-30T17:23:04","date_gmt":"2024-12-30T17:23:04","guid":{"rendered":"https:\/\/aemcs.pt\/site\/?page_id=395"},"modified":"2025-11-12T17:37:27","modified_gmt":"2025-11-12T17:37:27","slug":"conselho-geral-conselho-pedagogico-e-outros-orgaos","status":"publish","type":"page","link":"https:\/\/aemcs.pt\/site\/conselho-geral-conselho-pedagogico-e-outros-orgaos\/","title":{"rendered":"Dire\u00e7\u00e3o, Conselho Pedag\u00f3gico, Conselho Geral e outros \u00f3rg\u00e3os"},"content":{"rendered":"\t\t<div data-elementor-type=\"wp-page\" data-elementor-id=\"395\" class=\"elementor elementor-395\">\n\t\t\t\t<div class=\"elementor-element elementor-element-c1a20bb e-flex e-con-boxed e-con e-parent\" data-id=\"c1a20bb\" data-element_type=\"container\" data-e-type=\"container\">\n\t\t\t\t\t<div class=\"e-con-inner\">\n\t\t\t\t<div class=\"elementor-element elementor-element-a5c1c2d elementor-widget elementor-widget-text-editor\" data-id=\"a5c1c2d\" data-element_type=\"widget\" data-e-type=\"widget\" data-widget_type=\"text-editor.default\">\n\t\t\t\t<div class=\"elementor-widget-container\">\n\t\t\t\t\t\t\t\t\t<p><strong>. Dire\u00e7\u00e3o do AEMCS<\/strong><\/p><p><strong>Diretor:<\/strong>\u00a0Rui Pereira<br \/><strong>Subdiretor:<\/strong>\u00a0Francisco Nunes<br \/><strong>Adjunta:<\/strong>\u00a0Suzana Borges<br \/><strong>Adjunta:<\/strong>\u00a0Sofia Almeida<\/p>\t\t\t\t\t\t\t\t<\/div>\n\t\t\t\t<\/div>\n\t\t\t\t\t<\/div>\n\t\t\t\t<\/div>\n\t\t<div class=\"elementor-element elementor-element-28b3426 e-flex e-con-boxed e-con e-parent\" data-id=\"28b3426\" data-element_type=\"container\" data-e-type=\"container\">\n\t\t\t\t\t<div class=\"e-con-inner\">\n\t\t\t\t<div class=\"elementor-element elementor-element-fec30a9 elementor-widget-divider--view-line elementor-widget elementor-widget-divider\" data-id=\"fec30a9\" data-element_type=\"widget\" data-e-type=\"widget\" data-widget_type=\"divider.default\">\n\t\t\t\t<div class=\"elementor-widget-container\">\n\t\t\t\t\t\t\t<div class=\"elementor-divider\">\n\t\t\t<span class=\"elementor-divider-separator\">\n\t\t\t\t\t\t<\/span>\n\t\t<\/div>\n\t\t\t\t\t\t<\/div>\n\t\t\t\t<\/div>\n\t\t\t\t\t<\/div>\n\t\t\t\t<\/div>\n\t\t<div class=\"elementor-element elementor-element-5ef7616 e-flex e-con-boxed e-con e-parent\" data-id=\"5ef7616\" data-element_type=\"container\" data-e-type=\"container\">\n\t\t\t\t\t<div class=\"e-con-inner\">\n\t\t\t\t<div class=\"elementor-element elementor-element-d096296 elementor-widget elementor-widget-text-editor\" data-id=\"d096296\" data-element_type=\"widget\" data-e-type=\"widget\" data-widget_type=\"text-editor.default\">\n\t\t\t\t<div class=\"elementor-widget-container\">\n\t\t\t\t\t\t\t\t\t<p><strong>. Conselho Pedag\u00f3gico<\/strong><\/p><p><strong>Presidente:<\/strong> <br \/>Rui Pereira<br \/><strong>Departamento do Pr\u00e9-Escolar:<\/strong> <br \/>Sandra Lameirinha<br \/><strong>Departamento do 1.\u00ba Ciclo:<br \/><\/strong> Valqu\u00edria Costa<br \/><strong>Departamento de L\u00ednguas:\u00a0<br \/><\/strong>Paula Antunes<br \/><strong>Departamento de Ci\u00eancias Sociais e Humanas:<\/strong> <br \/>Lu\u00edsa Duque<br \/><strong>Departamento de Matem\u00e1tica e Ci\u00eancias Experimentais:<\/strong> <br \/>Ana Freitas<br \/><strong>Departamento de Artes e Tecnologias:<\/strong> <br \/>Cristina Godinho<br \/><strong>Departamento de Express\u00f5es:<\/strong> <br \/>C\u00e9lia Louzeiro<br \/><strong>Departamento de Educa\u00e7\u00e3o Especial:<\/strong> <br \/>Patr\u00edcia Carvalho<br \/><strong>Coordenador dos Diretores de Turma:<br \/><\/strong> Augusto Mateus<br \/><b>Biblioteca Escolar\/Autoavalia\u00e7\u00e3o:<br \/><\/b>Pedro Delgado<br \/><b>Autoavalia\u00e7\u00e3o:<\/b>\u00a0<br \/>Teresa Pereira<\/p>\t\t\t\t\t\t\t\t<\/div>\n\t\t\t\t<\/div>\n\t\t\t\t\t<\/div>\n\t\t\t\t<\/div>\n\t\t<div class=\"elementor-element elementor-element-df18564 e-flex e-con-boxed e-con e-parent\" data-id=\"df18564\" data-element_type=\"container\" data-e-type=\"container\">\n\t\t\t\t\t<div class=\"e-con-inner\">\n\t\t\t\t<div class=\"elementor-element elementor-element-1328a52 elementor-widget-divider--view-line elementor-widget elementor-widget-divider\" data-id=\"1328a52\" data-element_type=\"widget\" data-e-type=\"widget\" data-widget_type=\"divider.default\">\n\t\t\t\t<div class=\"elementor-widget-container\">\n\t\t\t\t\t\t\t<div class=\"elementor-divider\">\n\t\t\t<span class=\"elementor-divider-separator\">\n\t\t\t\t\t\t<\/span>\n\t\t<\/div>\n\t\t\t\t\t\t<\/div>\n\t\t\t\t<\/div>\n\t\t\t\t\t<\/div>\n\t\t\t\t<\/div>\n\t\t<div class=\"elementor-element elementor-element-6a6642c e-flex e-con-boxed e-con e-parent\" data-id=\"6a6642c\" data-element_type=\"container\" data-e-type=\"container\">\n\t\t\t\t\t<div class=\"e-con-inner\">\n\t\t\t\t<div class=\"elementor-element elementor-element-d766a62 elementor-widget elementor-widget-text-editor\" data-id=\"d766a62\" data-element_type=\"widget\" data-e-type=\"widget\" data-widget_type=\"text-editor.default\">\n\t\t\t\t<div class=\"elementor-widget-container\">\n\t\t\t\t\t\t\t\t\t<p><strong>. Conselho Geral<\/strong><\/p><p><strong>Presidente do Conselho Geral:<\/strong> <br \/>Elisa Sim\u00e3o (Docente)<br \/><strong>Dire\u00e7\u00e3o do AEMCS:<\/strong> <br \/>Rui Pereira (Diretor)<br \/><strong>A.P.E.E.A.E.M.C.S.: <br \/><\/strong>Ana Rita Dias (<span style=\"font-size: 10.0pt; line-height: 115%; font-family: 'Trebuchet MS','sans-serif'; mso-fareast-font-family: 'Trebuchet MS'; mso-bidi-font-family: 'Trebuchet MS'; mso-ansi-language: PT; mso-fareast-language: PT; mso-bidi-language: AR-SA;\">Enc. de Educa\u00e7\u00e3o)<\/span><br \/>C\u00e9lia Sofia Parreira (Enc. de Educa\u00e7\u00e3o)<br \/>David Cardoso (Enc. de Educa\u00e7\u00e3o)<br \/>Ivan Martins (Enc. de Educa\u00e7\u00e3o)<br \/>Paulo Gomes (Enc. de Educa\u00e7\u00e3o)<br \/><strong>C\u00e2mara Municipal de Sesimbra:<\/strong><br \/>Fel\u00edcia Costa (<span style=\"font-size: 10.0pt; line-height: 115%; font-family: 'Trebuchet MS','sans-serif'; mso-fareast-font-family: 'Trebuchet MS'; mso-bidi-font-family: 'Trebuchet MS'; mso-ansi-language: PT; mso-fareast-language: PT; mso-bidi-language: AR-SA;\">Representante)<\/span><br \/><strong>Junta de Freguesia da Quinta do Conde:<br \/><\/strong>Carlos P\u00f3lvora (Representante)<br \/><strong>Caso Not\u00e1vel:\u00a0<br \/><\/strong>Ema Fuseta (Representante)<br \/><strong>C.C.Q.C.:<br \/><\/strong>Raquel Lameirinha (Representante)<br \/><strong>CERCIZIMBRA:<br \/><\/strong>Isabel Magalh\u00e3es (Representante)<br \/><strong>N\u00e3o Docentes:<\/strong><br \/>Carla Carvalho (Assistente Operacional)<br \/>Cristina Pereira (Assistente T\u00e9cnica)<br \/><strong>Docentes:<br \/><\/strong><span style=\"font-family: 'Trebuchet MS', 'sans-serif'; font-size: 10pt; text-align: center;\">Elisa Sim\u00e3o (Educa\u00e7\u00e3o Especial)<br \/><\/span><span style=\"font-family: 'Trebuchet MS', 'sans-serif'; font-size: 10pt; text-align: center;\">Laura Correia (3.\u00ba Ciclo)<br \/><\/span><span style=\"font-family: 'Trebuchet MS', 'sans-serif'; font-size: 10pt; text-align: center;\">Prazeres Lopes (1.\u00ba Ciclo)<br \/><\/span><span style=\"font-family: 'Trebuchet MS', 'sans-serif'; font-size: 10pt; text-align: center;\">Albertina Vieira (3.\u00ba Ciclo)<br \/><\/span><span style=\"font-family: 'Trebuchet MS', 'sans-serif'; font-size: 10pt; text-align: center;\">N\u00eddia Batista (2.\u00ba Ciclo)<br \/><\/span><span style=\"font-family: 'Trebuchet MS', 'sans-serif'; font-size: 10pt; text-align: center;\">Teresa Morais (1.\u00ba Ciclo)<br \/><\/span><span style=\"font-family: 'Trebuchet MS', 'sans-serif'; font-size: 10pt;\">Catarina\u00a0<\/span><span style=\"font-family: 'Trebuchet MS', 'sans-serif'; font-size: 10pt;\">Sabino <span style=\"font-family: 'Trebuchet MS', 'sans-serif'; font-size: 10pt; text-align: center;\">(Pr\u00e9-Escolar)<\/span><\/span><\/p>\t\t\t\t\t\t\t\t<\/div>\n\t\t\t\t<\/div>\n\t\t\t\t\t<\/div>\n\t\t\t\t<\/div>\n\t\t\t\t<\/div>\n\t\t","protected":false},"excerpt":{"rendered":"<p>. Dire\u00e7\u00e3o do AEMCS Diretor:\u00a0Rui PereiraSubdiretor:\u00a0Francisco NunesAdjunta:\u00a0Suzana BorgesAdjunta:\u00a0Sofia Almeida . Conselho Pedag\u00f3gico Presidente: Rui PereiraDepartamento do Pr\u00e9-Escolar: Sandra LameirinhaDepartamento do 1.\u00ba Ciclo: Valqu\u00edria CostaDepartamento de L\u00ednguas:\u00a0Paula AntunesDepartamento de Ci\u00eancias Sociais e Humanas: Lu\u00edsa DuqueDepartamento de Matem\u00e1tica e Ci\u00eancias Experimentais: Ana FreitasDepartamento de Artes e Tecnologias: Cristina GodinhoDepartamento de Express\u00f5es: C\u00e9lia LouzeiroDepartamento de Educa\u00e7\u00e3o Especial: Patr\u00edcia [&hellip;]<\/p>\n","protected":false},"author":1,"featured_media":0,"parent":0,"menu_order":0,"comment_status":"closed","ping_status":"closed","template":"","meta":{"footnotes":""},"categories":[],"tags":[],"class_list":["post-395","page","type-page","status-publish","hentry"],"_links":{"self":[{"href":"https:\/\/aemcs.pt\/site\/wp-json\/wp\/v2\/pages\/395","targetHints":{"allow":["GET"]}}],"collection":[{"href":"https:\/\/aemcs.pt\/site\/wp-json\/wp\/v2\/pages"}],"about":[{"href":"https:\/\/aemcs.pt\/site\/wp-json\/wp\/v2\/types\/page"}],"author":[{"embeddable":true,"href":"https:\/\/aemcs.pt\/site\/wp-json\/wp\/v2\/users\/1"}],"replies":[{"embeddable":true,"href":"https:\/\/aemcs.pt\/site\/wp-json\/wp\/v2\/comments?post=395"}],"version-history":[{"count":49,"href":"https:\/\/aemcs.pt\/site\/wp-json\/wp\/v2\/pages\/395\/revisions"}],"predecessor-version":[{"id":2242,"href":"https:\/\/aemcs.pt\/site\/wp-json\/wp\/v2\/pages\/395\/revisions\/2242"}],"wp:attachment":[{"href":"https:\/\/aemcs.pt\/site\/wp-json\/wp\/v2\/media?parent=395"}],"wp:term":[{"taxonomy":"category","embeddable":true,"href":"https:\/\/aemcs.pt\/site\/wp-json\/wp\/v2\/categories?post=395"},{"taxonomy":"post_tag","embeddable":true,"href":"https:\/\/aemcs.pt\/site\/wp-json\/wp\/v2\/tags?post=395"}],"curies":[{"name":"wp","href":"https:\/\/api.w.org\/{rel}","templated":true}]}}