{"id":379,"date":"2024-12-30T17:18:42","date_gmt":"2024-12-30T17:18:42","guid":{"rendered":"https:\/\/aemcs.pt\/site\/?page_id=379"},"modified":"2025-01-31T17:04:35","modified_gmt":"2025-01-31T17:04:35","slug":"mensagem-do-diretor","status":"publish","type":"page","link":"https:\/\/aemcs.pt\/site\/mensagem-do-diretor\/","title":{"rendered":"Mensagem do Diretor"},"content":{"rendered":"\t\t<div data-elementor-type=\"wp-page\" data-elementor-id=\"379\" class=\"elementor elementor-379\">\n\t\t\t\t<div class=\"elementor-element elementor-element-ba5ec51 e-flex e-con-boxed e-con e-parent\" data-id=\"ba5ec51\" data-element_type=\"container\" data-e-type=\"container\">\n\t\t\t\t\t<div class=\"e-con-inner\">\n\t\t\t\t<div class=\"elementor-element elementor-element-05655a3 elementor-widget elementor-widget-text-editor\" data-id=\"05655a3\" data-element_type=\"widget\" data-e-type=\"widget\" data-widget_type=\"text-editor.default\">\n\t\t\t\t<div class=\"elementor-widget-container\">\n\t\t\t\t\t\t\t\t\t<p>\u00c9 com profundo sentido de responsabilidade e com um cora\u00e7\u00e3o cheio de compromisso e dedica\u00e7\u00e3o que assumi a dire\u00e7\u00e3o do <strong>Agrupamento de Escolas Maria do Carmo Serrote<\/strong>. Este momento representa uma oportunidade para continuar a servir a comunidade escolar com um objetivo claro:\u00a0<strong>fazer deste agrupamento um espa\u00e7o de excel\u00eancia educativa, onde cada aluno, cada docente e cada membro do pessoal n\u00e3o docente encontra um ambiente prop\u00edcio ao desenvolvimento pleno das suas capacidades e potencialidades.<\/strong><\/p><p>Ao longo dos pr\u00f3ximos anos, a minha miss\u00e3o \u00e9 clara: promover uma educa\u00e7\u00e3o inclusiva e de qualidade, onde cada aluno sinta que \u00e9 valorizado, que tem um papel a desempenhar e que \u00e9 apoiado na constru\u00e7\u00e3o do seu futuro. Esta miss\u00e3o n\u00e3o \u00e9, no entanto, uma responsabilidade que possa ser realizada individualmente;\u00a0<strong>\u00e9 um objetivo que alcan\u00e7aremos juntos, como uma equipa unida e determinada.<\/strong><\/p><p>Ao assumir este compromisso, comprometo-me a seguir alguns princ\u00edpios e valores fundamentais para o sucesso do nosso trabalho:<br \/><strong>1. Di\u00e1logo e Transpar\u00eancia<\/strong>\u00a0&#8211; Estarei sempre dispon\u00edvel para ouvir as preocupa\u00e7\u00f5es, as sugest\u00f5es e as ideias de todos. A comunica\u00e7\u00e3o ser\u00e1 uma prioridade para garantir que cada membro da comunidade escolar sente que tem uma voz e que essa voz \u00e9 ouvida.<br \/><strong>2. Excel\u00eancia e Qualidade Educativa<\/strong>\u00a0&#8211; Apostaremos na inova\u00e7\u00e3o e na melhoria cont\u00ednua, incentivando projetos pedag\u00f3gicos que inspirem os alunos e elevem o nosso agrupamento a um patamar de excel\u00eancia, onde cada um se sinta estimulado a dar o seu melhor.<br \/><strong>3. Inclus\u00e3o e Equidade<\/strong>\u00a0&#8211; Trabalharei para garantir que todos os alunos, independentemente das suas condi\u00e7\u00f5es, encontram neste agrupamento um espa\u00e7o de oportunidades, onde possam crescer, aprender e realizar-se.<br \/><strong>4. Colabora\u00e7\u00e3o e Trabalho em Equipa<\/strong>\u00a0&#8211; Sei que o sucesso da nossa miss\u00e3o depende de um trabalho conjunto. Conto com o apoio de todos os docentes, do pessoal n\u00e3o docente, das fam\u00edlias e dos pr\u00f3prios alunos. Juntos, com o nosso compromisso, dedica\u00e7\u00e3o e esp\u00edrito de equipa, faremos a diferen\u00e7a.<br \/><strong>5. Responsabilidade e Sustentabilidade<\/strong>\u00a0&#8211; Enfrentaremos os desafios do presente com uma vis\u00e3o de futuro, assegurando que as decis\u00f5es tomadas hoje garantam as melhores condi\u00e7\u00f5es para o desenvolvimento das gera\u00e7\u00f5es futuras, n\u00e3o s\u00f3 a n\u00edvel educativo, mas tamb\u00e9m a n\u00edvel humano e ambiental.<\/p><p>Quero tamb\u00e9m deixar claro que, embora ocupe agora o cargo de diretor, com todas as suas responsabilidades, deveres e obriga\u00e7\u00f5es legais, nunca esquecerei o meu papel de\u00a0<strong>professor<\/strong>. Foi como professor que cresci, aprendi e ganhei o respeito e a confian\u00e7a de muitos alunos, pais, professores, assistentes. Este ser\u00e1 sempre o meu ponto de partida e um valor que levarei comigo em cada decis\u00e3o, em cada a\u00e7\u00e3o e em cada desafio.<\/p><p>Em todas estas vertentes, estarei presente para orientar, para apoiar e para inspirar.\u00a0<strong>Que este novo ciclo seja um per\u00edodo de crescimento, de desenvolvimento e de transforma\u00e7\u00e3o positiva para todos n\u00f3s.<\/strong><\/p><p>Termino com uma promessa:\u00a0<strong>unidos pela excel\u00eancia, transformamos o futuro<\/strong>. Este \u00e9 o lema que norteia o nosso trabalho, e \u00e9 com esta vis\u00e3o que encaro os desafios que temos pela frente. Que este seja um percurso de conquistas e de grandes realiza\u00e7\u00f5es.<\/p><p><strong>Muito obrigado a todos pela confian\u00e7a depositada em mim. Vamos, juntos, fazer a diferen\u00e7a!<\/strong><\/p><p><strong>Rui Pereira<br \/><\/strong><strong>Diretor do Agrupamento Maria do Carmo Serrote<\/strong><\/p>\t\t\t\t\t\t\t\t<\/div>\n\t\t\t\t<\/div>\n\t\t\t\t\t<\/div>\n\t\t\t\t<\/div>\n\t\t\t\t<\/div>\n\t\t","protected":false},"excerpt":{"rendered":"<p>\u00c9 com profundo sentido de responsabilidade e com um cora\u00e7\u00e3o cheio de compromisso e dedica\u00e7\u00e3o que assumi a dire\u00e7\u00e3o do Agrupamento de Escolas Maria do Carmo Serrote. Este momento representa uma oportunidade para continuar a servir a comunidade escolar com um objetivo claro:\u00a0fazer deste agrupamento um espa\u00e7o de excel\u00eancia educativa, onde cada aluno, cada docente [&hellip;]<\/p>\n","protected":false},"author":1,"featured_media":0,"parent":0,"menu_order":0,"comment_status":"closed","ping_status":"closed","template":"","meta":{"footnotes":""},"categories":[],"tags":[],"class_list":["post-379","page","type-page","status-publish","hentry"],"_links":{"self":[{"href":"https:\/\/aemcs.pt\/site\/wp-json\/wp\/v2\/pages\/379","targetHints":{"allow":["GET"]}}],"collection":[{"href":"https:\/\/aemcs.pt\/site\/wp-json\/wp\/v2\/pages"}],"about":[{"href":"https:\/\/aemcs.pt\/site\/wp-json\/wp\/v2\/types\/page"}],"author":[{"embeddable":true,"href":"https:\/\/aemcs.pt\/site\/wp-json\/wp\/v2\/users\/1"}],"replies":[{"embeddable":true,"href":"https:\/\/aemcs.pt\/site\/wp-json\/wp\/v2\/comments?post=379"}],"version-history":[{"count":14,"href":"https:\/\/aemcs.pt\/site\/wp-json\/wp\/v2\/pages\/379\/revisions"}],"predecessor-version":[{"id":1174,"href":"https:\/\/aemcs.pt\/site\/wp-json\/wp\/v2\/pages\/379\/revisions\/1174"}],"wp:attachment":[{"href":"https:\/\/aemcs.pt\/site\/wp-json\/wp\/v2\/media?parent=379"}],"wp:term":[{"taxonomy":"category","embeddable":true,"href":"https:\/\/aemcs.pt\/site\/wp-json\/wp\/v2\/categories?post=379"},{"taxonomy":"post_tag","embeddable":true,"href":"https:\/\/aemcs.pt\/site\/wp-json\/wp\/v2\/tags?post=379"}],"curies":[{"name":"wp","href":"https:\/\/api.w.org\/{rel}","templated":true}]}}