{"id":2427,"date":"2026-01-21T17:18:15","date_gmt":"2026-01-21T17:18:15","guid":{"rendered":"https:\/\/aemcs.pt\/site\/?page_id=2427"},"modified":"2026-01-21T18:55:17","modified_gmt":"2026-01-21T18:55:17","slug":"conselho-geral","status":"publish","type":"page","link":"https:\/\/aemcs.pt\/site\/conselho-geral\/","title":{"rendered":"Conselho Geral"},"content":{"rendered":"\t\t<div data-elementor-type=\"wp-page\" data-elementor-id=\"2427\" class=\"elementor elementor-2427\">\n\t\t\t\t<div class=\"elementor-element elementor-element-e101905 e-flex e-con-boxed e-con e-parent\" data-id=\"e101905\" data-element_type=\"container\" data-e-type=\"container\">\n\t\t\t\t\t<div class=\"e-con-inner\">\n\t\t\t\t<div class=\"elementor-element elementor-element-aa8f978 elementor-widget elementor-widget-text-editor\" data-id=\"aa8f978\" data-element_type=\"widget\" data-e-type=\"widget\" data-widget_type=\"text-editor.default\">\n\t\t\t\t<div class=\"elementor-widget-container\">\n\t\t\t\t\t\t\t\t\t<p data-start=\"115\" data-end=\"447\">O Conselho Geral \u00e9 o \u00f3rg\u00e3o de dire\u00e7\u00e3o estrat\u00e9gica da escola, respons\u00e1vel por definir as grandes orienta\u00e7\u00f5es da sua atividade. Nele est\u00e3o representados os diferentes membros da comunidade educativa &#8211; pessoal docente, pessoal n\u00e3o docente, pais e encarregados de educa\u00e7\u00e3o, bem como representantes da autarquia e da comunidade local.<br \/>Compete ao Conselho Geral aprovar os principais documentos orientadores da escola, acompanhar a sua a\u00e7\u00e3o e garantir a participa\u00e7\u00e3o democr\u00e1tica de todos os intervenientes no desenvolvimento do Projeto Educativo.<\/p><p data-start=\"115\" data-end=\"447\"><strong style=\"font-family: ABeeZee, sans-serif; font-size: 12px; font-style: normal;\">Presidente do Conselho Geral:<\/strong><br \/><span style=\"font-family: ABeeZee, sans-serif; font-size: 12px; font-style: normal; font-weight: 400;\">Elisa Sim\u00e3o (Docente)<\/span><br \/><strong style=\"font-family: ABeeZee, sans-serif; font-size: 12px; font-style: normal;\">Dire\u00e7\u00e3o do AEMCS:<\/strong><br \/><span style=\"font-family: ABeeZee, sans-serif; font-size: 12px; font-style: normal; font-weight: 400;\">Rui Pereira (Diretor)<\/span><br \/><strong style=\"font-family: ABeeZee, sans-serif; font-size: 12px; font-style: normal;\">A.P.E.E.A.E.M.C.S.:<br \/><\/strong><span style=\"font-family: ABeeZee, sans-serif; font-size: 12px; font-style: normal; font-weight: 400;\">Ana Rita Dias (<\/span><span style=\"font-family: 'Trebuchet MS', 'sans-serif'; font-size: 10pt; font-style: normal; font-weight: 400; line-height: 15.3333px;\">Enc. de Educa\u00e7\u00e3o)<\/span><br \/><span style=\"font-family: ABeeZee, sans-serif; font-size: 12px; font-style: normal; font-weight: 400;\">C\u00e9lia Sofia Parreira (Enc. de Educa\u00e7\u00e3o)<\/span><br \/><span style=\"font-family: ABeeZee, sans-serif; font-size: 12px; font-style: normal; font-weight: 400;\">David Cardoso (Enc. de Educa\u00e7\u00e3o)<\/span><br \/><span style=\"font-family: ABeeZee, sans-serif; font-size: 12px; font-style: normal; font-weight: 400;\">Ivan Martins (Enc. de Educa\u00e7\u00e3o)<\/span><br \/><span style=\"font-family: ABeeZee, sans-serif; font-size: 12px; font-style: normal; font-weight: 400;\">Paulo Gomes (Enc. de Educa\u00e7\u00e3o)<\/span><br \/><strong style=\"font-family: ABeeZee, sans-serif; font-size: 12px; font-style: normal;\">C\u00e2mara Municipal de Sesimbra:<\/strong><br \/><span style=\"font-family: ABeeZee, sans-serif; font-size: 12px; font-style: normal; font-weight: 400;\">Fel\u00edcia Costa (<\/span><span style=\"font-family: 'Trebuchet MS', 'sans-serif'; font-size: 10pt; font-style: normal; font-weight: 400; line-height: 15.3333px;\">Representante)<\/span><br \/><strong style=\"font-family: ABeeZee, sans-serif; font-size: 12px; font-style: normal;\">Junta de Freguesia da Quinta do Conde:<br \/><\/strong><span style=\"font-family: ABeeZee, sans-serif; font-size: 12px; font-style: normal; font-weight: 400;\">Carlos P\u00f3lvora (Representante)<\/span><br \/><strong style=\"font-family: ABeeZee, sans-serif; font-size: 12px; font-style: normal;\">Caso Not\u00e1vel:<br \/><\/strong><span style=\"font-family: ABeeZee, sans-serif; font-size: 12px; font-style: normal; font-weight: 400;\">Ema Fuseta (Representante)<\/span><br \/><strong style=\"font-family: ABeeZee, sans-serif; font-size: 12px; font-style: normal;\">C.C.Q.C.:<br \/><\/strong><span style=\"font-family: ABeeZee, sans-serif; font-size: 12px; font-style: normal; font-weight: 400;\">Raquel Lameirinha (Representante)<\/span><br \/><strong style=\"font-family: ABeeZee, sans-serif; font-size: 12px; font-style: normal;\">CERCIZIMBRA:<br \/><\/strong><span style=\"font-family: ABeeZee, sans-serif; font-size: 12px; font-style: normal; font-weight: 400;\">Isabel Magalh\u00e3es (Representante)<\/span><br \/><strong style=\"font-family: ABeeZee, sans-serif; font-size: 12px; font-style: normal;\">N\u00e3o Docentes:<\/strong><br \/><span style=\"font-family: ABeeZee, sans-serif; font-size: 12px; font-style: normal; font-weight: 400;\">Carla Carvalho (Assistente Operacional)<\/span><br \/><span style=\"font-family: ABeeZee, sans-serif; font-size: 12px; font-style: normal; font-weight: 400;\">Cristina Pereira (Assistente T\u00e9cnica)<\/span><br \/><strong style=\"font-family: ABeeZee, sans-serif; font-size: 12px; font-style: normal;\">Docentes:<br \/><\/strong><span style=\"font-family: 'Trebuchet MS', 'sans-serif'; font-size: 10pt; font-style: normal; font-weight: 400; text-align: center;\">Elisa Sim\u00e3o (Educa\u00e7\u00e3o Especial)<br \/><\/span><span style=\"font-family: 'Trebuchet MS', 'sans-serif'; font-size: 10pt; font-style: normal; font-weight: 400; text-align: center;\">Laura Correia (3.\u00ba Ciclo)<br \/><\/span><span style=\"font-family: 'Trebuchet MS', 'sans-serif'; font-size: 10pt; font-style: normal; font-weight: 400; text-align: center;\">Prazeres Lopes (1.\u00ba Ciclo)<br \/><\/span><span style=\"font-family: 'Trebuchet MS', 'sans-serif'; font-size: 10pt; font-style: normal; font-weight: 400; text-align: center;\">Albertina Vieira (3.\u00ba Ciclo)<br \/><\/span><span style=\"font-family: 'Trebuchet MS', 'sans-serif'; font-size: 10pt; font-style: normal; font-weight: 400; text-align: center;\">N\u00eddia Batista (2.\u00ba Ciclo)<br \/><\/span><span style=\"font-family: 'Trebuchet MS', 'sans-serif'; font-size: 10pt; font-style: normal; font-weight: 400; text-align: center;\">Teresa Morais (1.\u00ba Ciclo)<br \/><\/span><span style=\"font-family: 'Trebuchet MS', 'sans-serif'; font-size: 10pt; font-style: normal; font-weight: 400;\">Catarina\u00a0<\/span><span style=\"font-family: 'Trebuchet MS', 'sans-serif'; font-size: 10pt; font-style: normal; font-weight: 400;\">Sabino\u00a0<span style=\"font-family: 'Trebuchet MS', 'sans-serif'; font-size: 10pt; text-align: center;\">(Pr\u00e9-Escolar)<\/span><\/span><\/p><p data-start=\"115\" data-end=\"447\">\u00a0<\/p><p data-start=\"115\" data-end=\"447\"><a href=\"https:\/\/aemcs.pt\/site\/conselho-geral-do-aemcs-2025-2029-eleicao-dos-representantes-do-pessoal-docente-e-nao-docente\/\" target=\"_blank\" rel=\"noopener\">Conselho Geral do AEMCS &#8211; Elei\u00e7\u00e3o dos Representantes do Pessoal Docente e N\u00e3o Docente<\/a>\u00a0<\/p>\t\t\t\t\t\t\t\t<\/div>\n\t\t\t\t<\/div>\n\t\t\t\t\t<\/div>\n\t\t\t\t<\/div>\n\t\t\t\t<\/div>\n\t\t","protected":false},"excerpt":{"rendered":"<p>O Conselho Geral \u00e9 o \u00f3rg\u00e3o de dire\u00e7\u00e3o estrat\u00e9gica da escola, respons\u00e1vel por definir as grandes orienta\u00e7\u00f5es da sua atividade. Nele est\u00e3o representados os diferentes membros da comunidade educativa &#8211; pessoal docente, pessoal n\u00e3o docente, pais e encarregados de educa\u00e7\u00e3o, bem como representantes da autarquia e da comunidade local.Compete ao Conselho Geral aprovar os principais [&hellip;]<\/p>\n","protected":false},"author":1,"featured_media":0,"parent":0,"menu_order":0,"comment_status":"closed","ping_status":"closed","template":"","meta":{"footnotes":""},"categories":[],"tags":[],"class_list":["post-2427","page","type-page","status-publish","hentry"],"_links":{"self":[{"href":"https:\/\/aemcs.pt\/site\/wp-json\/wp\/v2\/pages\/2427","targetHints":{"allow":["GET"]}}],"collection":[{"href":"https:\/\/aemcs.pt\/site\/wp-json\/wp\/v2\/pages"}],"about":[{"href":"https:\/\/aemcs.pt\/site\/wp-json\/wp\/v2\/types\/page"}],"author":[{"embeddable":true,"href":"https:\/\/aemcs.pt\/site\/wp-json\/wp\/v2\/users\/1"}],"replies":[{"embeddable":true,"href":"https:\/\/aemcs.pt\/site\/wp-json\/wp\/v2\/comments?post=2427"}],"version-history":[{"count":13,"href":"https:\/\/aemcs.pt\/site\/wp-json\/wp\/v2\/pages\/2427\/revisions"}],"predecessor-version":[{"id":2486,"href":"https:\/\/aemcs.pt\/site\/wp-json\/wp\/v2\/pages\/2427\/revisions\/2486"}],"wp:attachment":[{"href":"https:\/\/aemcs.pt\/site\/wp-json\/wp\/v2\/media?parent=2427"}],"wp:term":[{"taxonomy":"category","embeddable":true,"href":"https:\/\/aemcs.pt\/site\/wp-json\/wp\/v2\/categories?post=2427"},{"taxonomy":"post_tag","embeddable":true,"href":"https:\/\/aemcs.pt\/site\/wp-json\/wp\/v2\/tags?post=2427"}],"curies":[{"name":"wp","href":"https:\/\/api.w.org\/{rel}","templated":true}]}}